{"id":5,"date":"2017-11-11T23:08:32","date_gmt":"2017-11-11T23:08:32","guid":{"rendered":"http:\/\/relaunch.gpv-ev.de\/?page_id=5"},"modified":"2018-08-08T08:48:02","modified_gmt":"2018-08-08T08:48:02","slug":"hannover","status":"publish","type":"page","link":"https:\/\/gpv-ev.de\/?page_id=5","title":{"rendered":"Regionalgruppe Hannover"},"content":{"rendered":"<div id=\"Layer7\">\n<div align=\"left\">\n<table style=\"vertical-align: top;\" border=\"0\" width=\"651\" cellspacing=\"10\" cellpadding=\"10\">\n<tbody>\n<tr>\n<td colspan=\"3\" height=\"65\">\n<div align=\"center\">\n<p align=\"left\"><span style=\"font-family: verdana, geneva, sans-serif; font-size: 12pt;\">Im Februar 1996 haben Rudolf Kleine-Huster und ich zum ersten Treffen im Raum Hannover eingeladen, wobei unser Einzugsgebiet bis Osnabr\u00fcck und Bielefeld reicht.<\/span><\/p>\n<\/div>\n<\/td>\n<\/tr>\n<tr>\n<td valign=\"top\" height=\"181\"><span style=\"font-family: verdana, geneva, sans-serif; font-size: 12pt;\"><b>Unser n\u00e4chstes Treffen:<br \/>\nOrt:<\/b><\/span><br \/>\n<span style=\"font-family: verdana, geneva, sans-serif; font-size: 12pt;\"> Unser n\u00e4chstes Thema:<\/span><\/td>\n<td colspan=\"2\" valign=\"top\" height=\"181\"><span style=\"font-family: verdana, geneva, sans-serif; font-size: 12pt;\"><b>&#8230;wird noch bekannt gegeben.<br \/>\n<\/b>Henning von Tresckow Grundschule, Tresckowstra\u00dfe 49, Hannover Wettbergen<\/span><\/td>\n<\/tr>\n<tr>\n<td colspan=\"3\"><span style=\"font-family: verdana, geneva, sans-serif; font-size: 12pt;\"><b>Was wir tun und was wir wollen: <\/b> <b>Wir sind eine Gruppe von Gestaltp\u00e4dagoginnen und Gestaltp\u00e4dagogen, die sich im Fr\u00fchjahr und Herbst Zeit nimmt um Innezuhalten. Es geht uns darum, mit Gleichgesinnten praxisrelevante Themen zu erf\u00fchlen, zu entwickeln, zu erproben, auszutauschen und zu reflektieren.<\/b><\/span><\/td>\n<\/tr>\n<tr>\n<td height=\"40\"><span style=\"font-family: verdana, geneva, sans-serif; font-size: 12pt;\"><a href=\"https:\/\/gpv-ev.de\/wp-content\/uploads\/2017\/11\/gpv-regionalgruppe-hannover-ideenziele.pdf\" target=\"_blank\" rel=\"noopener\">mehr zu uns hier (bitte anklicken)<\/a><\/span><\/td>\n<td colspan=\"2\" height=\"40\"><span style=\"font-family: verdana, geneva, sans-serif; font-size: 12pt;\">angeregt und bunt<br \/>\nAustausch und R\u00fcckenst\u00e4rkung<br \/>\nFluss, Gestalt, Kontakt und Form<br \/>\n(Haiku von Silke Leonhard)<\/span><\/td>\n<\/tr>\n<tr>\n<td colspan=\"3\"><span style=\"font-family: verdana, geneva, sans-serif; font-size: 12pt;\"><b><span style=\"color: #000000;\">Unsere bisherigen Treffen<\/span><\/b><\/span><\/td>\n<\/tr>\n<tr style=\"vertical-align: top;\">\n<td style=\"width: 172px;\" width=\"172\"><span style=\"font-family: verdana, geneva, sans-serif; font-size: 12pt;\">M\u00e4rz 1996 <\/span><\/td>\n<td colspan=\"2\"><span style=\"font-family: verdana, geneva, sans-serif; font-size: 12pt;\">Kennenlernen<br \/>\nGrundschule Tresckowstr., Hannover Wettbergen\u00a0<\/span><\/td>\n<\/tr>\n<tr style=\"vertical-align: top;\">\n<td width=\"172\"><span style=\"font-family: verdana, geneva, sans-serif; font-size: 12pt;\">Oktober 1996<\/span><\/td>\n<td colspan=\"2\"><span style=\"font-family: verdana, geneva, sans-serif; font-size: 12pt;\">Moderationstechniken am Beispiel der Anerkennung der Gestaltp\u00e4dagogikausbildung<br \/>\nGrundschule Tresckowstr., Hannover Wettbergen<br \/>\n<\/span><\/td>\n<\/tr>\n<tr style=\"vertical-align: top;\">\n<td width=\"172\"><span style=\"font-family: verdana, geneva, sans-serif; font-size: 12pt;\">M\u00e4rz 1997<\/span><\/td>\n<td colspan=\"2\"><span style=\"font-family: verdana, geneva, sans-serif; font-size: 12pt;\">Gespr\u00e4che im Unterricht<br \/>\nGrundschule Treskowstr., Hannover Wettbergen<\/span><\/td>\n<\/tr>\n<tr style=\"vertical-align: top;\">\n<td width=\"172\"><span style=\"font-family: verdana, geneva, sans-serif; font-size: 12pt;\">Oktober 1997<\/span><\/td>\n<td colspan=\"2\"><span style=\"font-family: verdana, geneva, sans-serif; font-size: 12pt;\">Phantasiereisen 1. Teil<br \/>\nIGS List, Hannover<br \/>\n<\/span><\/td>\n<\/tr>\n<tr style=\"vertical-align: top;\">\n<td width=\"172\"><span style=\"font-family: verdana, geneva, sans-serif; font-size: 12pt;\">M\u00e4rz 1998<\/span><\/td>\n<td colspan=\"2\"><span style=\"font-family: verdana, geneva, sans-serif; font-size: 12pt;\">Phantasiereisen 2. Teil<br \/>\nIGS Langenhagen<br \/>\n<\/span><\/td>\n<\/tr>\n<tr style=\"vertical-align: top;\">\n<td width=\"172\"><span style=\"font-family: verdana, geneva, sans-serif; font-size: 12pt;\">September 1998<\/span><\/td>\n<td colspan=\"2\"><span style=\"font-family: verdana, geneva, sans-serif; font-size: 12pt;\">Abschlussarbeiten<br \/>\nGlockseeschule Hannover<\/span><\/td>\n<\/tr>\n<tr style=\"vertical-align: top;\">\n<td width=\"172\"><span style=\"font-family: verdana, geneva, sans-serif; font-size: 12pt;\">M\u00e4rz 1999<\/span><\/td>\n<td colspan=\"2\"><span style=\"font-family: verdana, geneva, sans-serif; font-size: 12pt;\">Bewegung 1. Teil<br \/>\nGrundschule Tresckowstr., Hannover Wettbergen<\/span><\/td>\n<\/tr>\n<tr style=\"vertical-align: top;\">\n<td width=\"172\"><span style=\"font-family: verdana, geneva, sans-serif; font-size: 12pt;\">Oktober 1999<\/span><\/td>\n<td colspan=\"2\"><span style=\"font-family: verdana, geneva, sans-serif; font-size: 12pt;\">Bewegung 2. Teil<br \/>\nGrundschule Tresckowstr., Hannover Wettbergen<br \/>\n<\/span><\/td>\n<\/tr>\n<tr style=\"vertical-align: top;\">\n<td width=\"172\"><span style=\"font-family: verdana, geneva, sans-serif; font-size: 12pt;\">M\u00e4rz 2000<\/span><\/td>\n<td colspan=\"2\"><span style=\"font-family: verdana, geneva, sans-serif; font-size: 12pt;\">Play-Back-Theater<br \/>\nGrundschule Tresckowstr., Hannover Wettbergen<br \/>\n<\/span><\/td>\n<\/tr>\n<tr style=\"vertical-align: top;\">\n<td width=\"172\"><span style=\"font-family: verdana, geneva, sans-serif; font-size: 12pt;\">September 2000<\/span><\/td>\n<td colspan=\"2\"><span style=\"font-family: verdana, geneva, sans-serif; font-size: 12pt;\">Mediation<br \/>\nGrundschule Tresckowstr., Hannover Wettbergen <\/span><\/td>\n<\/tr>\n<tr style=\"vertical-align: top;\">\n<td width=\"172\" height=\"43\"><span style=\"font-family: verdana, geneva, sans-serif; font-size: 12pt;\">Fr\u00fchjahr 2001<\/span><\/td>\n<td colspan=\"2\" height=\"43\"><span style=\"font-family: verdana, geneva, sans-serif; font-size: 12pt;\">&#8222;Erwachsen werden&#8220; &#8211; Das Programm von Lions Quest<br \/>\nGrundschule Tresckowstr., Hannover Wettbergen<br \/>\n<\/span><\/td>\n<\/tr>\n<tr style=\"vertical-align: top;\">\n<td width=\"172\" height=\"43\"><span style=\"font-family: verdana, geneva, sans-serif; font-size: 12pt;\">Herbst 2001<\/span><\/td>\n<td colspan=\"2\" height=\"43\"><span style=\"font-family: verdana, geneva, sans-serif; font-size: 12pt;\">Umgang mit Zeit &#8211; Teil 1<br \/>\nGrundschule Tresckowstr., Hannover Wettbergen<br \/>\n<\/span><\/td>\n<\/tr>\n<tr style=\"vertical-align: top;\">\n<td width=\"172\" height=\"20\"><span style=\"font-family: verdana, geneva, sans-serif; font-size: 12pt;\">Herbst 2002<\/span><\/td>\n<td colspan=\"2\" height=\"20\"><span style=\"font-family: verdana, geneva, sans-serif; font-size: 12pt;\">Umgang mit Zeit<br \/>\nGrundschule Tresckowstr., Hannover Wettbergen<br \/>\n<\/span><\/td>\n<\/tr>\n<tr style=\"vertical-align: top;\">\n<td width=\"172\" height=\"34\"><span style=\"font-family: verdana, geneva, sans-serif; font-size: 12pt;\">Fr\u00fchjahr 2003<\/span><\/td>\n<td colspan=\"2\" height=\"34\"><span style=\"font-family: verdana, geneva, sans-serif; font-size: 12pt;\">Vorbereitung der Tagung<br \/>\nGrundschule Tresckowstr., Hannover Wettbergen<br \/>\n<\/span><\/td>\n<\/tr>\n<tr style=\"vertical-align: top;\">\n<td width=\"172\" height=\"37\"><span style=\"font-family: verdana, geneva, sans-serif; font-size: 12pt;\">Herbst 2003<\/span><\/td>\n<td colspan=\"2\" height=\"37\"><span style=\"font-family: verdana, geneva, sans-serif; font-size: 12pt;\">&#8222;Nach der Tagung &#8211; Wie geht es weiter?&#8220;<br \/>\nGrundschule Tresckowstr., Hannover Wettbergen<br \/>\n<\/span><\/td>\n<\/tr>\n<tr style=\"vertical-align: top;\">\n<td width=\"172\" height=\"33\"><span style=\"font-family: verdana, geneva, sans-serif; font-size: 12pt;\">Fr\u00fchjahr 2004<\/span><\/td>\n<td colspan=\"2\" height=\"33\"><span style=\"font-family: verdana, geneva, sans-serif; font-size: 12pt;\">Kollegiale Supervision<br \/>\nOberstufenkolleg Bielefeld<br \/>\n<\/span><\/td>\n<\/tr>\n<tr style=\"vertical-align: top;\">\n<td width=\"172\" height=\"22\"><span style=\"font-family: verdana, geneva, sans-serif; font-size: 12pt;\">Herbst 2004<\/span><\/td>\n<td colspan=\"2\" height=\"22\"><span style=\"font-family: verdana, geneva, sans-serif; font-size: 12pt;\">Theoretische Wurzeln der Gestaltp\u00e4dagogik<br \/>\nGrundschule Tresckowstr., Hannover Wettbergen<br \/>\n<\/span><\/td>\n<\/tr>\n<tr style=\"vertical-align: top;\">\n<td width=\"172\" height=\"30\"><span style=\"font-family: verdana, geneva, sans-serif; font-size: 12pt;\">Fr\u00fchjahr 2005<\/span><\/td>\n<td colspan=\"2\" height=\"30\"><span style=\"font-family: verdana, geneva, sans-serif; font-size: 12pt;\">Professionalisierung<br \/>\nIGS Kronsberg, Hannover<br \/>\n<\/span><\/td>\n<\/tr>\n<tr style=\"vertical-align: top;\">\n<td width=\"172\" height=\"33\"><span style=\"font-family: verdana, geneva, sans-serif; font-size: 12pt;\">Herbst 2005<\/span><\/td>\n<td colspan=\"2\" height=\"33\"><span style=\"font-family: verdana, geneva, sans-serif; font-size: 12pt;\">Ausbildungsseminar f\u00fcr Sonderp\u00e4dagogik, Kunst des Lernens &#8211; Neue Lerntheorien<\/span><\/td>\n<\/tr>\n<tr style=\"vertical-align: top;\">\n<td width=\"172\" height=\"56\"><span style=\"font-family: verdana, geneva, sans-serif; font-size: 12pt;\">Fr\u00fchjahr 2006<\/span><\/td>\n<td colspan=\"2\" height=\"56\"><span style=\"font-family: verdana, geneva, sans-serif; font-size: 12pt;\">Jubil\u00e4umsveranstaltung &#8222;10 Jahre Regionalgruppe Hannover&#8220;<br \/>\nGanzt\u00e4giges Sonderseminar mit J\u00f6rg B\u00fcrmann zum Thema<br \/>\n&#8222;Lebensphasen &#8211; Karriere&#8220;<br \/>\nGrundschule Tresckowstr., Hannover Wettbergen<br \/>\n<\/span><\/td>\n<\/tr>\n<tr style=\"vertical-align: top;\">\n<td width=\"172\" height=\"28\"><span style=\"font-family: verdana, geneva, sans-serif; font-size: 12pt;\">Fr\u00fchjahr 2007<\/span><\/td>\n<td colspan=\"2\" height=\"28\"><span style=\"font-family: verdana, geneva, sans-serif; font-size: 12pt;\">Identit\u00e4t<br \/>\nGrundschule Tresckowstr., Hannover Wettbergen<br \/>\n<\/span><\/td>\n<\/tr>\n<tr style=\"vertical-align: top;\">\n<td width=\"172\" height=\"16\"><span style=\"font-family: verdana, geneva, sans-serif; font-size: 12pt;\">Herbst 2007<\/span><\/td>\n<td colspan=\"2\" height=\"16\"><span style=\"font-family: verdana, geneva, sans-serif; font-size: 12pt;\">Heraus-fordern<br \/>\nGrundschule Tresckowstr., Hannover Wettbergen<br \/>\n<\/span><\/td>\n<\/tr>\n<tr style=\"vertical-align: top;\">\n<td valign=\"top\" width=\"172\" height=\"43\"><span style=\"font-family: verdana, geneva, sans-serif; font-size: 12pt;\">Fr\u00fchjahr 2009<\/span><\/td>\n<td colspan=\"2\" height=\"43\"><span style=\"font-family: verdana, geneva, sans-serif; font-size: 12pt;\">Arbeit mir Eltern<br \/>\nGrundschule Tresckowstr., Hannover Wettbergen<br \/>\n<\/span><\/td>\n<\/tr>\n<tr style=\"vertical-align: top;\">\n<td valign=\"top\" width=\"172\" height=\"43\"><span style=\"font-family: verdana, geneva, sans-serif; font-size: 12pt;\">Herbst 2009<\/span><\/td>\n<td colspan=\"2\" height=\"43\"><span style=\"font-family: verdana, geneva, sans-serif; font-size: 12pt;\">Arbeit zum Thema DVD-Produktion: Wie kann im Film die gestaltp\u00e4dagogische Grundhaltung sichtbar werden?<\/span><\/td>\n<\/tr>\n<tr style=\"vertical-align: top;\">\n<td valign=\"top\" width=\"172\" height=\"43\"><span style=\"font-family: verdana, geneva, sans-serif; font-size: 12pt;\">Fr\u00fchjahr 2010<\/span><\/td>\n<td colspan=\"2\" height=\"43\"><span style=\"font-family: verdana, geneva, sans-serif; font-size: 12pt;\">&#8222;step&#8220; systematisches Training f\u00fcr Eltern \/ mehr Erziehungskompetenz &#8211; weniger Stress in der Familie<\/span><\/td>\n<\/tr>\n<tr style=\"vertical-align: top;\">\n<td valign=\"top\" width=\"172\" height=\"43\"><\/td>\n<td colspan=\"2\" height=\"43\"><\/td>\n<\/tr>\n<tr style=\"vertical-align: top;\">\n<td valign=\"top\" width=\"172\" height=\"43\"><span style=\"font-family: verdana, geneva, sans-serif; font-size: 12pt;\"><b>Kontaktadressen:<\/b> <\/span><\/td>\n<td width=\"196\" height=\"43\"><span style=\"font-family: verdana, geneva, sans-serif; font-size: 12pt;\">Christel Wehrmeyer<br \/>\nHubertusstr. 16<br \/>\n30853 Langenhagen<br \/>\n<a href=\"mailto:christel.wehrmeyer@web.de\">christel.wehrmeyer(at)web.de<\/a><\/span><\/td>\n<td width=\"183\" height=\"43\"><span style=\"font-family: verdana, geneva, sans-serif; font-size: 12pt;\">Ulrike N\u00f6tel-Duwe<br \/>\nKiephof 3<br \/>\n30457 Hannover<br \/>\n<a href=\"mailto:ulrike@noetel.de\">ulrike(at)noetel.de<\/a> <\/span><\/td>\n<\/tr>\n<\/tbody>\n<\/table>\n<\/div>\n<\/div>\n<p>&nbsp;<\/p>\n","protected":false},"excerpt":{"rendered":"<p>Im Februar 1996 haben Rudolf Kleine-Huster und ich zum ersten Treffen im Raum Hannover eingeladen, wobei unser Einzugsgebiet bis Osnabr\u00fcck und Bielefeld reicht. Unser n\u00e4chstes Treffen: Ort: Unser n\u00e4chstes Thema: &#8230;wird noch bekannt gegeben. Henning von Tresckow Grundschule, Tresckowstra\u00dfe 49, Hannover Wettbergen Was wir tun und was wir wollen: Wir sind eine Gruppe von Gestaltp\u00e4dagoginnen [&hellip;]<\/p>\n","protected":false},"author":1,"featured_media":0,"parent":0,"menu_order":0,"comment_status":"closed","ping_status":"closed","template":"","meta":{"footnotes":""},"_links":{"self":[{"href":"https:\/\/gpv-ev.de\/index.php?rest_route=\/wp\/v2\/pages\/5"}],"collection":[{"href":"https:\/\/gpv-ev.de\/index.php?rest_route=\/wp\/v2\/pages"}],"about":[{"href":"https:\/\/gpv-ev.de\/index.php?rest_route=\/wp\/v2\/types\/page"}],"author":[{"embeddable":true,"href":"https:\/\/gpv-ev.de\/index.php?rest_route=\/wp\/v2\/users\/1"}],"replies":[{"embeddable":true,"href":"https:\/\/gpv-ev.de\/index.php?rest_route=%2Fwp%2Fv2%2Fcomments&post=5"}],"version-history":[{"count":14,"href":"https:\/\/gpv-ev.de\/index.php?rest_route=\/wp\/v2\/pages\/5\/revisions"}],"predecessor-version":[{"id":438,"href":"https:\/\/gpv-ev.de\/index.php?rest_route=\/wp\/v2\/pages\/5\/revisions\/438"}],"wp:attachment":[{"href":"https:\/\/gpv-ev.de\/index.php?rest_route=%2Fwp%2Fv2%2Fmedia&parent=5"}],"curies":[{"name":"wp","href":"https:\/\/api.w.org\/{rel}","templated":true}]}}