{"id":187,"date":"2017-11-19T12:47:05","date_gmt":"2017-11-19T12:47:05","guid":{"rendered":"http:\/\/relaunch.gpv-ev.de\/?page_id=187"},"modified":"2017-11-19T12:50:14","modified_gmt":"2017-11-19T12:50:14","slug":"187-2","status":"publish","type":"page","link":"https:\/\/gpv-ev.de\/?page_id=187","title":{"rendered":"Waldorf meets Gestaltp\u00e4dagogik"},"content":{"rendered":"<p><span style=\"font-size: 12pt;\"><strong><span style=\"font-family: verdana, geneva, sans-serif;\">Waldorf meets Gestaltp\u00e4dagogik<\/span><\/strong><\/span><\/p>\n<p><span style=\"font-family: verdana, geneva, sans-serif; font-size: 12pt;\">Margarethe ist Lehrerin in der Waldorfschule und kommt regelm\u00e4\u00dfig in unsere Regionalgruppe.<\/span><br \/>\n<span style=\"font-family: verdana, geneva, sans-serif; font-size: 12pt;\"> \u201eK\u00f6nntest du nicht einmal etwas mit uns machen?\u201c fragte ich sie so nebenbei. \u201eBei euch gibt es doch so sch\u00f6ne Sachen wie Nass-in-nass-Malerei&#8230;\u201c<\/span><br \/>\n<span style=\"font-family: verdana, geneva, sans-serif; font-size: 12pt;\"> Margaretheerkl\u00e4rte sich bereit,und so sa\u00dfen wir bei unserem Treffen am 24. M\u00e4rz 2010 vor den sorgf\u00e4ltig vorbereiteten Aquarellfarben, Unterlagen, Pinseln, Wasser und Aquarellpapier.<\/span><br \/>\n<span style=\"font-family: verdana, geneva, sans-serif; font-size: 12pt;\"> Mit viel Wasser bereiten wir das Papier vor, &#8230;aber bevor wir malen durften, erz\u00e4hlte Margarethe eine Geschichte: \u201eDas Gelb kommt und denkt `oh, wie sch\u00f6n, da habe ich viel Platz!\u0301Es f\u00e4ngt am unteren Rand an, das Blatt auszuf\u00fcllen, es kommt aber nur bis zur Mitte, denn da kommt auf einmal das Blau und f\u00e4ngt am oberen Rand an, sich auszubreiten. Dann kommt das Rot dazu&#8230;&#8230;.\u201c<\/span><br \/>\n<span style=\"font-family: verdana, geneva, sans-serif; font-size: 12pt;\"> W\u00e4hrend sie die Geschichte erz\u00e4hlt, entsteht vor meinem inneren Auge ein Bild. Und nachdem sie geendet hat, fange ich an, den Pinsel in die gelbe Farbe zu tauchen und dieses Bild auf meinem Papier entstehen zu lassen. Herrlich, wie die Farben sich ausbreiten, ineinander rinnen, sich mischen zu neuen Farben&#8230;Es geht recht schnell, und wie ich aufsehe, merke ich, dass die Bilder der anderen trotz der selben Geschichte ganz verschieden geworden sind.<\/span><br \/>\n<span style=\"font-family: verdana, geneva, sans-serif; font-size: 12pt;\"> Hier k\u00f6nnte die Gestaltarbeit ansetzen, aber das passiert nicht, denn wir haben sehr viele Fragen an Margarethe, sie antwortet bereitwillig, erz\u00e4hlt aus ihren Erfahrungen, auch als Mutter. Besonders beeindruckt sind wir, dass die Eurythmielehrerin den Kindern ihre Kunst so zu vermitteln versteht, dass sich das sogar auf die Zahnstellung auswirkt und sich eine Regulierung er\u00fcbrigt. Zur Illustration macht Margarethe mit uns eine interessante Eurythmie\u00fcbung, bei der wir gleichzeitig sehr konzentriert bei uns sind, und gleichzeitig gut auf die anderen achten. Wir ahnen, welche Beweglichkeit und Koordination der Gehirnt\u00e4tigkeit durch solche \u00dcbungen bei den Kindern gef\u00f6rdert wird. <\/span><br \/>\n<span style=\"font-family: verdana, geneva, sans-serif; font-size: 12pt;\"> Von dem theoretischen Hintergrund erw\u00e4hnt sie nicht so viel, aber wir sp\u00fcren, dass dieses Konzept aus einem Gu\u00df ist, und dass die \u00dcbungen und Strukturen des Unterrichts h\u00f6chst wirksam, f\u00f6rderlich und heilsam sind. <\/span><br \/>\n<span style=\"font-family: verdana, geneva, sans-serif; font-size: 12pt;\"> Wir alle haben das Gef\u00fchl, dass wir da noch einiges lernen k\u00f6nnen und sind sehr dankbar f\u00fcr den Einblick in diese p\u00e4dagogische Wunderwelt. Danke, Margarethe!<\/span><\/p>\n<p><span style=\"font-family: verdana, geneva, sans-serif; font-size: 12pt;\">Ute Kienzl<\/span><\/p>\n","protected":false},"excerpt":{"rendered":"<p>Waldorf meets Gestaltp\u00e4dagogik Margarethe ist Lehrerin in der Waldorfschule und kommt regelm\u00e4\u00dfig in unsere Regionalgruppe. \u201eK\u00f6nntest du nicht einmal etwas mit uns machen?\u201c fragte ich sie so nebenbei. \u201eBei euch gibt es doch so sch\u00f6ne Sachen wie Nass-in-nass-Malerei&#8230;\u201c Margaretheerkl\u00e4rte sich bereit,und so sa\u00dfen wir bei unserem Treffen am 24. M\u00e4rz 2010 vor den sorgf\u00e4ltig vorbereiteten [&hellip;]<\/p>\n","protected":false},"author":1,"featured_media":0,"parent":0,"menu_order":0,"comment_status":"closed","ping_status":"closed","template":"","meta":{"footnotes":""},"_links":{"self":[{"href":"https:\/\/gpv-ev.de\/index.php?rest_route=\/wp\/v2\/pages\/187"}],"collection":[{"href":"https:\/\/gpv-ev.de\/index.php?rest_route=\/wp\/v2\/pages"}],"about":[{"href":"https:\/\/gpv-ev.de\/index.php?rest_route=\/wp\/v2\/types\/page"}],"author":[{"embeddable":true,"href":"https:\/\/gpv-ev.de\/index.php?rest_route=\/wp\/v2\/users\/1"}],"replies":[{"embeddable":true,"href":"https:\/\/gpv-ev.de\/index.php?rest_route=%2Fwp%2Fv2%2Fcomments&post=187"}],"version-history":[{"count":3,"href":"https:\/\/gpv-ev.de\/index.php?rest_route=\/wp\/v2\/pages\/187\/revisions"}],"predecessor-version":[{"id":190,"href":"https:\/\/gpv-ev.de\/index.php?rest_route=\/wp\/v2\/pages\/187\/revisions\/190"}],"wp:attachment":[{"href":"https:\/\/gpv-ev.de\/index.php?rest_route=%2Fwp%2Fv2%2Fmedia&parent=187"}],"curies":[{"name":"wp","href":"https:\/\/api.w.org\/{rel}","templated":true}]}}